{"id":12,"date":"2014-02-11T15:12:11","date_gmt":"2014-02-11T15:12:11","guid":{"rendered":"http:\/\/www.vinetasparavivir.com\/?page_id=12"},"modified":"2020-12-30T22:02:55","modified_gmt":"2020-12-30T22:02:55","slug":"talleres","status":"publish","type":"page","link":"https:\/\/vi\u00f1etasparavivir.com\/www\/talleres","title":{"rendered":"Talleres"},"content":{"rendered":"<p><b>\u00bfTienes ganas de mejorar tus relaciones personales? \u00bfDe conseguir una comunicaci\u00f3n m\u00e1s efectiva y sana con los dem\u00e1s?<\/b><\/p>\n<p style=\"text-align: justify;\">Si est\u00e1s dispuesto y preparado a que sucedan cambios&nbsp;en tu vida \u00a1no lo dudes! En Vi\u00f1etas para Vivir te propongo diversos talleres (CONSULTA <span style=\"color: #ff6600;\"><a style=\"color: #ff6600;\" title=\"AGENDA\" href=\"http:\/\/www.vinetasparavivir.com\/agenda\">AGENDA<\/a>)<\/span> referentes a temas de <strong>Comunicaci\u00f3n Asertiva y Aut\u00e9ntica<\/strong> y<strong> Gesti\u00f3n de Emociones.<\/strong><\/p>\n<p style=\"text-align: justify;\">Estos que te presento a continuaci\u00f3n son un ejemplo de los talleres que vamos impartiendo a lo largo del curso. Si est\u00e1s interesado\/a en alguno de ellos, \u00a1No dudes en preguntar!:<strong>&nbsp;<span style=\"color: #ff6600;\"><a style=\"color: #ff6600;\" title=\"Taller 1: Comunicaci\u00f3n Aut\u00e9ntica y Asertiva\" href=\"http:\/\/www.vinetasparavivir.com\/comunicacion-asertiva\">Comunicaci\u00f3n asertiva<\/a>; <a style=\"color: #ff6600;\" title=\"Taller 2: Comunicaci\u00f3n y Emociones\" href=\"http:\/\/www.vinetasparavivir.com\/comunicacion-y-emociones\">Comunicaci\u00f3n y Emociones<\/a>;<\/span> <a title=\"Taller 4: Gesti\u00f3n de conflictos y l\u00edmites\" href=\"http:\/\/www.vinetasparavivir.com\/gestion-de-conflictos-y-limites\"><span style=\"color: #ff6600;\">Gesti\u00f3n de conflictos y L\u00edmites<\/span><\/a>; <a title=\"Taller 4: Hablar en p\u00fablico\" href=\"http:\/\/www.vinetasparavivir.com\/hablar-en-publico\"><span style=\"color: #ff6600;\">Hablar en p\u00fablico<\/span><\/a>;&nbsp;<\/strong><strong><strong><span style=\"color: #ff6600;\"><a style=\"color: #ff6600;\" title=\"Taller 2: Comunicaci\u00f3n en Pareja\" href=\"http:\/\/www.vinetasparavivir.com\/taller-2-comunicacion-en-pareja\">Comunicaci\u00f3n de Pareja<\/a>&nbsp;<\/span><\/strong><\/strong><span style=\"color: #000000;\">y<\/span><strong><span style=\"color: #000000;\"><strong>&nbsp;<\/strong><\/span><a title=\"Taller 3: Comunicaci\u00f3n en Familia\" href=\"http:\/\/www.vinetasparavivir.com\/taller-3-comunicacion-en-familia\"><span style=\"color: #ff6600;\">Comunicaci\u00f3n en familia<\/span><\/a>.&nbsp;<\/strong>Seis&nbsp;talleres distintos a trav\u00e9s de los que comprenderemos, practicaremos y experimentaremos desde el cuerpo y la palabra.<\/p>\n<p style=\"text-align: justify;\">A trav\u00e9s de encuentros quincenales o talleres puntuales puedes aprender a comunicarte de manera m\u00e1s efectiva, gestionar mejor los conflictos e incrementar tu autoestima.&nbsp;Estos talleres se imparten actualmente para diferentes colectivos (j\u00f3venes, profesionales de alg\u00fan sector determinado o todos los p\u00fablicos).<\/p>\n<p style=\"text-align: justify;\">La din\u00e1mica de los cursos es activa<strong>,<\/strong>&nbsp;a trav\u00e9s de visualizaciones, ejercicios de grupo, role-playing, etc. Todo en un entorno respetuoso y amistoso, con personas como t\u00fa y como yo, que se enfrentan d\u00eda a d\u00eda a sus verg\u00fcenzas y sus miedos.<\/p>\n<h3><strong>**Si&nbsp;eres organizador\/a y est\u00e1s interesado\/da&nbsp;en que vengamos a impartir un taller ponte en contacto con&nbsp;<a style=\"color: #ff6600;\" title=\"Contacte r\u00e0pid\" href=\"http:\/\/www.vinetasparavivir.com\/ca\/contacte-rapid\">nosotros <\/a><span style=\"color: #ff6600;\"><a style=\"color: #ff6600;\" title=\"Contacte r\u00e0pid\" href=\"http:\/\/www.vinetasparavivir.com\/ca\/contacte-rapid\">&lt;<\/a><\/span><span style=\"color: #ff6600;\">&lt;<\/span><\/strong><\/h3>\n","protected":false},"excerpt":{"rendered":"<p>\u00bfTienes ganas de mejorar tus relaciones personales? \u00bfDe conseguir una comunicaci\u00f3n m\u00e1s efectiva y sana con los dem\u00e1s? Si est\u00e1s dispuesto y preparado a que sucedan cambios&nbsp;en tu vida \u00a1no lo dudes! En Vi\u00f1etas para Vivir te propongo diversos talleres (CONSULTA AGENDA) referentes a temas de Comunicaci\u00f3n Asertiva y Aut\u00e9ntica y Gesti\u00f3n de Emociones. Estos &#8230; <a title=\"Talleres\" class=\"read-more\" href=\"https:\/\/vi\u00f1etasparavivir.com\/www\/talleres\">Leer m\u00e1s<\/a><\/p>\n","protected":false},"author":1,"featured_media":0,"parent":0,"menu_order":0,"comment_status":"closed","ping_status":"open","template":"talleres.php","meta":{"footnotes":""},"_links":{"self":[{"href":"https:\/\/vi\u00f1etasparavivir.com\/www\/wp-json\/wp\/v2\/pages\/12"}],"collection":[{"href":"https:\/\/vi\u00f1etasparavivir.com\/www\/wp-json\/wp\/v2\/pages"}],"about":[{"href":"https:\/\/vi\u00f1etasparavivir.com\/www\/wp-json\/wp\/v2\/types\/page"}],"author":[{"embeddable":true,"href":"https:\/\/vi\u00f1etasparavivir.com\/www\/wp-json\/wp\/v2\/users\/1"}],"replies":[{"embeddable":true,"href":"https:\/\/vi\u00f1etasparavivir.com\/www\/wp-json\/wp\/v2\/comments?post=12"}],"version-history":[{"count":23,"href":"https:\/\/vi\u00f1etasparavivir.com\/www\/wp-json\/wp\/v2\/pages\/12\/revisions"}],"predecessor-version":[{"id":2483,"href":"https:\/\/vi\u00f1etasparavivir.com\/www\/wp-json\/wp\/v2\/pages\/12\/revisions\/2483"}],"wp:attachment":[{"href":"https:\/\/vi\u00f1etasparavivir.com\/www\/wp-json\/wp\/v2\/media?parent=12"}],"curies":[{"name":"wp","href":"https:\/\/api.w.org\/{rel}","templated":true}]}}